{"id":42,"date":"2013-10-31T21:00:38","date_gmt":"2013-10-31T21:00:38","guid":{"rendered":"http:\/\/www.maranovalgatarasanrocco.it\/a\/?page_id=42"},"modified":"2025-03-30T08:02:01","modified_gmt":"2025-03-30T08:02:01","slug":"altri-sacerdoti","status":"publish","type":"page","link":"https:\/\/www.maranovalgatarasanrocco.it\/a\/?page_id=42","title":{"rendered":"Sacerdoti collaboratori"},"content":{"rendered":"<p>Don Claudio Tezza, collaboratore.<\/p>\n<p>P. Livio Guerra, CSS, risiede presso la Comunit\u00e0 dei Padri Stimmatini di Verona (Ist. Stimate, piazza cittadella) ed \u00e8 in servizio nelle nostre comunit\u00e0 nei giorni festivi.<\/p>\n","protected":false},"excerpt":{"rendered":"<p>Don Claudio Tezza, collaboratore. P. Livio Guerra, CSS, risiede presso la Comunit\u00e0 dei Padri Stimmatini di Verona (Ist. Stimate, piazza cittadella) ed \u00e8 in servizio nelle nostre comunit\u00e0 nei giorni festivi.<\/p>\n","protected":false},"author":1,"featured_media":0,"parent":22,"menu_order":1,"comment_status":"closed","ping_status":"closed","template":"","meta":{"footnotes":""},"class_list":["post-42","page","type-page","status-publish","hentry","nodate","item-wrap"],"_links":{"self":[{"href":"https:\/\/www.maranovalgatarasanrocco.it\/a\/index.php?rest_route=\/wp\/v2\/pages\/42","targetHints":{"allow":["GET"]}}],"collection":[{"href":"https:\/\/www.maranovalgatarasanrocco.it\/a\/index.php?rest_route=\/wp\/v2\/pages"}],"about":[{"href":"https:\/\/www.maranovalgatarasanrocco.it\/a\/index.php?rest_route=\/wp\/v2\/types\/page"}],"author":[{"embeddable":true,"href":"https:\/\/www.maranovalgatarasanrocco.it\/a\/index.php?rest_route=\/wp\/v2\/users\/1"}],"replies":[{"embeddable":true,"href":"https:\/\/www.maranovalgatarasanrocco.it\/a\/index.php?rest_route=%2Fwp%2Fv2%2Fcomments&post=42"}],"version-history":[{"count":4,"href":"https:\/\/www.maranovalgatarasanrocco.it\/a\/index.php?rest_route=\/wp\/v2\/pages\/42\/revisions"}],"predecessor-version":[{"id":3893,"href":"https:\/\/www.maranovalgatarasanrocco.it\/a\/index.php?rest_route=\/wp\/v2\/pages\/42\/revisions\/3893"}],"up":[{"embeddable":true,"href":"https:\/\/www.maranovalgatarasanrocco.it\/a\/index.php?rest_route=\/wp\/v2\/pages\/22"}],"wp:attachment":[{"href":"https:\/\/www.maranovalgatarasanrocco.it\/a\/index.php?rest_route=%2Fwp%2Fv2%2Fmedia&parent=42"}],"curies":[{"name":"wp","href":"https:\/\/api.w.org\/{rel}","templated":true}]}}